{"id":11061,"date":"2023-10-12T12:13:11","date_gmt":"2023-10-12T10:13:11","guid":{"rendered":"https:\/\/oew.org\/?page_id=11061"},"modified":"2023-10-17T09:31:13","modified_gmt":"2023-10-17T07:31:13","slug":"pacchetti-natalizi","status":"publish","type":"page","link":"https:\/\/oew.org\/it\/pacchetti-natalizi\/","title":{"rendered":"Pacchetti natalizi"},"content":{"rendered":"\t\t<div data-elementor-type=\"wp-page\" data-elementor-id=\"11061\" class=\"elementor elementor-11061 elementor-10861\" data-elementor-post-type=\"page\">\n\t\t\t\t\t\t<section class=\"elementor-section elementor-top-section elementor-element elementor-element-51bd6f86 elementor-section-boxed elementor-section-height-default elementor-section-height-default\" data-id=\"51bd6f86\" data-element_type=\"section\" data-e-type=\"section\" data-settings=\"{&quot;background_background&quot;:&quot;classic&quot;}\">\n\t\t\t\t\t\t<div class=\"elementor-container elementor-column-gap-default\">\n\t\t\t\t\t<div class=\"elementor-column elementor-col-100 elementor-top-column elementor-element elementor-element-5c4809b2\" data-id=\"5c4809b2\" data-element_type=\"column\" data-e-type=\"column\">\n\t\t\t<div class=\"elementor-widget-wrap elementor-element-populated\">\n\t\t\t\t\t\t<div class=\"elementor-element elementor-element-660ebf71 elementor-widget elementor-widget-heading\" data-id=\"660ebf71\" data-element_type=\"widget\" data-e-type=\"widget\" data-widget_type=\"heading.default\">\n\t\t\t\t\t<h2 class=\"elementor-heading-title elementor-size-default\">Regali di natale per collaboratori*trici<\/h2>\t\t\t\t<\/div>\n\t\t\t\t<div class=\"elementor-element elementor-element-5b24c253 elementor-widget elementor-widget-text-editor\" data-id=\"5b24c253\" data-element_type=\"widget\" data-e-type=\"widget\" data-widget_type=\"text-editor.default\">\n\t\t\t\t\t\t\t\t\t<p>Anche un regalo pu\u00f2 rendere il mondo un posto migliore. La fine dell&#8217;anno \u00e8 alle porte e quale miglior modo di dire GRAZIE al team della vostra azienda, associazione o cooperativa se non con un regalo speciale? Quest&#8217;anno l&#8217;OEW offre la possibilit\u00e0 di acquistare dei pacchetti natalizi aziendali solidali, con cui si potranno sostenere tre diversi progetti sociali, rendendo il ringraziamento ai*lle vostri*e collaboratori*trici ancora pi\u00f9 di valore.<\/p>\t\t\t\t\t\t\t\t<\/div>\n\t\t\t\t\t<\/div>\n\t\t<\/div>\n\t\t\t\t\t<\/div>\n\t\t<\/section>\n\t\t<div class=\"elementor-element elementor-element-aa01909 e-con-full e-flex e-con e-parent\" data-id=\"aa01909\" data-element_type=\"container\" data-e-type=\"container\">\n\t\t<div class=\"elementor-element elementor-element-a1d6f6d e-flex e-con-boxed e-con e-child\" data-id=\"a1d6f6d\" data-element_type=\"container\" data-e-type=\"container\">\n\t\t\t\t\t<div class=\"e-con-inner\">\n\t\t\t\t<div class=\"elementor-element elementor-element-e43d36c elementor-widget elementor-widget-spacer\" data-id=\"e43d36c\" data-element_type=\"widget\" data-e-type=\"widget\" data-widget_type=\"spacer.default\">\n\t\t\t\t\t\t\t<div class=\"elementor-spacer\">\n\t\t\t<div class=\"elementor-spacer-inner\"><\/div>\n\t\t<\/div>\n\t\t\t\t\t\t<\/div>\n\t\t\t\t<div class=\"elementor-element elementor-element-bbced36 elementor-widget elementor-widget-image\" data-id=\"bbced36\" data-element_type=\"widget\" data-e-type=\"widget\" data-widget_type=\"image.default\">\n\t\t\t\t\t\t\t\t\t\t\t\t\t\t\t<img fetchpriority=\"high\" decoding=\"async\" width=\"768\" height=\"768\" src=\"https:\/\/oew.org\/wp-content\/uploads\/2023\/10\/Diario-Xmas-Geschenk_1c-s-768x768.jpg\" class=\"attachment-medium_large size-medium_large wp-image-10867\" alt=\"\" srcset=\"https:\/\/oew.org\/wp-content\/uploads\/2023\/10\/Diario-Xmas-Geschenk_1c-s-768x768.jpg 768w, https:\/\/oew.org\/wp-content\/uploads\/2023\/10\/Diario-Xmas-Geschenk_1c-s-300x300.jpg 300w, https:\/\/oew.org\/wp-content\/uploads\/2023\/10\/Diario-Xmas-Geschenk_1c-s-150x150.jpg 150w, https:\/\/oew.org\/wp-content\/uploads\/2023\/10\/Diario-Xmas-Geschenk_1c-s.jpg 900w\" sizes=\"(max-width: 768px) 100vw, 768px\" \/>\t\t\t\t\t\t\t\t\t\t\t\t\t\t\t<\/div>\n\t\t\t\t\t<\/div>\n\t\t\t\t<\/div>\n\t\t<div class=\"elementor-element elementor-element-6b5febe e-con-full e-flex e-con e-child\" data-id=\"6b5febe\" data-element_type=\"container\" data-e-type=\"container\">\n\t\t\t\t<div class=\"elementor-element elementor-element-4647232 elementor-widget elementor-widget-heading\" data-id=\"4647232\" data-element_type=\"widget\" data-e-type=\"widget\" data-widget_type=\"heading.default\">\n\t\t\t\t\t<h2 class=\"elementor-heading-title elementor-size-default\">Chi siamo e cosa offriamo<\/h2>\t\t\t\t<\/div>\n\t\t\t\t<div class=\"elementor-element elementor-element-7fe6e2a elementor-widget elementor-widget-heading\" data-id=\"7fe6e2a\" data-element_type=\"widget\" data-e-type=\"widget\" data-widget_type=\"heading.default\">\n\t\t\t\t\t<h5 class=\"elementor-heading-title elementor-size-default\">Come OEW-Organizzazione per un mondo solidale, da oltre trent\u2019anni sensibilizziamo il pubblico locale riguardo al commercio equo e solidale, collaboriamo con progetti partner in tutto il mondo per la salvaguardia dell\u2019ambiente e pubblichiamo il Giornale di strada zebra. Tutti questi nostri valori e attivit\u00e0 si manifestano nei tre pacchetti natalizi aziendali che offriamo.\nOgni persona che riceve un regalo solidale dell'OEW diventa sostenitrice di diversi progetti sociali a livello locale e globale e promotrice di valori fondamentali per una societ\u00e0 sempre pi\u00f9 consapevole e sostenibile.<\/h5>\t\t\t\t<\/div>\n\t\t\t\t<\/div>\n\t\t\t\t<\/div>\n\t\t\t\t<section class=\"elementor-section elementor-top-section elementor-element elementor-element-8523308 elementor-section-boxed elementor-section-height-default elementor-section-height-default\" data-id=\"8523308\" data-element_type=\"section\" data-e-type=\"section\" data-settings=\"{&quot;background_background&quot;:&quot;classic&quot;}\">\n\t\t\t\t\t\t<div class=\"elementor-container elementor-column-gap-default\">\n\t\t\t\t\t<div class=\"elementor-column elementor-col-100 elementor-top-column elementor-element elementor-element-df356ec\" data-id=\"df356ec\" data-element_type=\"column\" data-e-type=\"column\">\n\t\t\t<div class=\"elementor-widget-wrap elementor-element-populated\">\n\t\t\t\t\t\t<div class=\"elementor-element elementor-element-c1058dd elementor-widget elementor-widget-menu-anchor\" data-id=\"c1058dd\" data-element_type=\"widget\" data-e-type=\"widget\" data-widget_type=\"menu-anchor.default\">\n\t\t\t\t\t\t\t<div class=\"elementor-menu-anchor\" id=\"challanges\"><\/div>\n\t\t\t\t\t\t<\/div>\n\t\t\t\t<div class=\"elementor-element elementor-element-c94bee9 elementor-widget elementor-widget-heading\" data-id=\"c94bee9\" data-element_type=\"widget\" data-e-type=\"widget\" data-widget_type=\"heading.default\">\n\t\t\t\t\t<h2 class=\"elementor-heading-title elementor-size-default\">I tre pacchetti natalizi<\/h2>\t\t\t\t<\/div>\n\t\t\t\t\t<\/div>\n\t\t<\/div>\n\t\t\t\t\t<\/div>\n\t\t<\/section>\n\t\t<div class=\"elementor-element elementor-element-2f350da e-flex e-con-boxed e-con e-parent\" data-id=\"2f350da\" data-element_type=\"container\" data-e-type=\"container\">\n\t\t\t\t\t<div class=\"e-con-inner\">\n\t\t<div class=\"elementor-element elementor-element-bd97b39 e-con-full e-flex e-con e-child\" data-id=\"bd97b39\" data-element_type=\"container\" data-e-type=\"container\">\n\t\t\t\t<div class=\"elementor-element elementor-element-4b3a420 elementor-widget elementor-widget-heading\" data-id=\"4b3a420\" data-element_type=\"widget\" data-e-type=\"widget\" data-widget_type=\"heading.default\">\n\t\t\t\t\t<h2 class=\"elementor-heading-title elementor-size-default\">Memorie future<\/h2>\t\t\t\t<\/div>\n\t\t\t\t<div class=\"elementor-element elementor-element-8f122e6 elementor-flip-box--effect-flip elementor-flip-box--direction-up elementor-widget elementor-widget-flip-box\" data-id=\"8f122e6\" data-element_type=\"widget\" data-e-type=\"widget\" data-widget_type=\"flip-box.default\">\n\t\t\t\t\t\t\t<div class=\"elementor-flip-box\" tabindex=\"0\">\n\t\t\t<div class=\"elementor-flip-box__layer elementor-flip-box__front\">\n\t\t\t\t<div class=\"elementor-flip-box__layer__overlay\">\n\t\t\t\t\t<div class=\"elementor-flip-box__layer__inner\">\n\t\t\t\t\t\t\n\t\t\t\t\t\t\n\t\t\t\t\t\t\t\t\t\t\t<\/div>\n\t\t\t\t<\/div>\n\t\t\t<\/div>\n\t\t\t<div class=\"elementor-flip-box__layer elementor-flip-box__back\">\n\t\t\t<div class=\"elementor-flip-box__layer__overlay\">\n\t\t\t\t<div class=\"elementor-flip-box__layer__inner\">\n\t\t\t\t\t\t\t\t\t\t\t<h3 class=\"elementor-flip-box__layer__title\">\n\t\t\t\t\t\t\t [ 17 Euro* ]  \t\t\t\t\t\t<\/h3>\n\t\t\t\t\t\n\t\t\t\t\t\t\t\t\t\t\t<div class=\"elementor-flip-box__layer__description\">\n\t\t\t\t\t\t\tAgenda zebra.; Donazione Ecuador\t\t\t\t\t\t<\/div>\n\t\t\t\t\t\n\t\t\t\t\t\t\t\t<\/div>\n\t\t<\/div>\n\t\t<\/div>\n\t\t<\/div>\n\t\t\t\t\t\t<\/div>\n\t\t\t\t<\/div>\n\t\t<div class=\"elementor-element elementor-element-8d9a284 e-con-full e-flex e-con e-child\" data-id=\"8d9a284\" data-element_type=\"container\" data-e-type=\"container\">\n\t\t\t\t<div class=\"elementor-element elementor-element-fd62b8f elementor-widget elementor-widget-heading\" data-id=\"fd62b8f\" data-element_type=\"widget\" data-e-type=\"widget\" data-widget_type=\"heading.default\">\n\t\t\t\t\t<h2 class=\"elementor-heading-title elementor-size-default\">Gl\u00fccksst\u00fccke<\/h2>\t\t\t\t<\/div>\n\t\t\t\t<div class=\"elementor-element elementor-element-cc2455a elementor-flip-box--effect-flip elementor-flip-box--direction-up elementor-widget elementor-widget-flip-box\" data-id=\"cc2455a\" data-element_type=\"widget\" data-e-type=\"widget\" data-widget_type=\"flip-box.default\">\n\t\t\t\t\t\t\t<div class=\"elementor-flip-box\" tabindex=\"0\">\n\t\t\t<div class=\"elementor-flip-box__layer elementor-flip-box__front\">\n\t\t\t\t<div class=\"elementor-flip-box__layer__overlay\">\n\t\t\t\t\t<div class=\"elementor-flip-box__layer__inner\">\n\t\t\t\t\t\t\n\t\t\t\t\t\t\n\t\t\t\t\t\t\t\t\t\t\t<\/div>\n\t\t\t\t<\/div>\n\t\t\t<\/div>\n\t\t\t<div class=\"elementor-flip-box__layer elementor-flip-box__back\">\n\t\t\t<div class=\"elementor-flip-box__layer__overlay\">\n\t\t\t\t<div class=\"elementor-flip-box__layer__inner\">\n\t\t\t\t\t\t\t\t\t\t\t<h3 class=\"elementor-flip-box__layer__title\">\n\t\t\t\t\t\t\t[ 25 Euro* ]\t\t\t\t\t\t<\/h3>\n\t\t\t\t\t\n\t\t\t\t\t\t\t\t\t\t\t<div class=\"elementor-flip-box__layer__description\">\n\t\t\t\t\t\t\tAgenda zebra.; cioccolato equosolidale \u201cfairafric\u201d; caff\u00e8 equosolidale \u201cAltromercato\u201d; donazione Ecuador\t\t\t\t\t\t<\/div>\n\t\t\t\t\t\n\t\t\t\t\t\t\t\t<\/div>\n\t\t<\/div>\n\t\t<\/div>\n\t\t<\/div>\n\t\t\t\t\t\t<\/div>\n\t\t\t\t<\/div>\n\t\t<div class=\"elementor-element elementor-element-1547068 e-con-full e-flex e-con e-child\" data-id=\"1547068\" data-element_type=\"container\" data-e-type=\"container\">\n\t\t\t\t<div class=\"elementor-element elementor-element-b65abf0 elementor-widget elementor-widget-heading\" data-id=\"b65abf0\" data-element_type=\"widget\" data-e-type=\"widget\" data-widget_type=\"heading.default\">\n\t\t\t\t\t<h2 class=\"elementor-heading-title elementor-size-default\">Chill &amp; Cheers<\/h2>\t\t\t\t<\/div>\n\t\t\t\t<div class=\"elementor-element elementor-element-7379052 elementor-flip-box--effect-flip elementor-flip-box--direction-up elementor-widget elementor-widget-flip-box\" data-id=\"7379052\" data-element_type=\"widget\" data-e-type=\"widget\" data-widget_type=\"flip-box.default\">\n\t\t\t\t\t\t\t<div class=\"elementor-flip-box\" tabindex=\"0\">\n\t\t\t<div class=\"elementor-flip-box__layer elementor-flip-box__front\">\n\t\t\t\t<div class=\"elementor-flip-box__layer__overlay\">\n\t\t\t\t\t<div class=\"elementor-flip-box__layer__inner\">\n\t\t\t\t\t\t\n\t\t\t\t\t\t\n\t\t\t\t\t\t\t\t\t\t\t<\/div>\n\t\t\t\t<\/div>\n\t\t\t<\/div>\n\t\t\t<div class=\"elementor-flip-box__layer elementor-flip-box__back\">\n\t\t\t<div class=\"elementor-flip-box__layer__overlay\">\n\t\t\t\t<div class=\"elementor-flip-box__layer__inner\">\n\t\t\t\t\t\t\t\t\t\t\t<h3 class=\"elementor-flip-box__layer__title\">\n\t\t\t\t\t\t\t[ 30 Euro* ]\t\t\t\t\t\t<\/h3>\n\t\t\t\t\t\n\t\t\t\t\t\t\t\t\t\t\t<div class=\"elementor-flip-box__layer__description\">\n\t\t\t\t\t\t\tAgenda zebra.; succo biologico mela-mango \u201cEVA bio\/Weltladen Latsch\u201d; vino biologico \u201cCentopassi\u201d; donazione Ecuador\t\t\t\t\t\t<\/div>\n\t\t\t\t\t\n\t\t\t\t\t\t\t\t<\/div>\n\t\t<\/div>\n\t\t<\/div>\n\t\t<\/div>\n\t\t\t\t\t\t<\/div>\n\t\t\t\t<\/div>\n\t\t\t\t\t<\/div>\n\t\t\t\t<\/div>\n\t\t<div class=\"elementor-element elementor-element-c96cccf e-flex e-con-boxed e-con e-parent\" data-id=\"c96cccf\" data-element_type=\"container\" data-e-type=\"container\">\n\t\t\t\t\t<div class=\"e-con-inner\">\n\t\t\t\t<div class=\"elementor-element elementor-element-8be9ed8 elementor-widget elementor-widget-text-editor\" data-id=\"8be9ed8\" data-element_type=\"widget\" data-e-type=\"widget\" data-widget_type=\"text-editor.default\">\n\t\t\t\t\t\t\t\t\t<p>I pacchetti sono stati ideati in tre fomati, per diverse esigenze e occasioni. Il loro contenuto consiste in prodotti di alta qualit\u00e0, biologici ed equosolidali, oltre all&#8217;agenda di zebra., illustrata a mano, e a una donazione simbolica al progetto ambientale &#8220;Acci\u00f3n Ecol\u00f3gica&#8221; in Ecuador.<\/p>\t\t\t\t\t\t\t\t<\/div>\n\t\t<div class=\"elementor-element elementor-element-11a5d46 e-flex e-con-boxed e-con e-child\" data-id=\"11a5d46\" data-element_type=\"container\" data-e-type=\"container\">\n\t\t\t\t\t<div class=\"e-con-inner\">\n\t\t<div class=\"elementor-element elementor-element-787d541 e-con-full e-flex e-con e-child\" data-id=\"787d541\" data-element_type=\"container\" data-e-type=\"container\">\n\t\t\t\t<div class=\"elementor-element elementor-element-dfeae50 elementor-widget elementor-widget-image\" data-id=\"dfeae50\" data-element_type=\"widget\" data-e-type=\"widget\" data-widget_type=\"image.default\">\n\t\t\t\t\t\t\t\t\t\t\t\t\t\t\t<img decoding=\"async\" width=\"300\" height=\"300\" src=\"https:\/\/oew.org\/wp-content\/uploads\/2023\/10\/Design-ohne-Titel-1-300x300.png\" class=\"attachment-medium size-medium wp-image-10954\" alt=\"\" srcset=\"https:\/\/oew.org\/wp-content\/uploads\/2023\/10\/Design-ohne-Titel-1-300x300.png 300w, https:\/\/oew.org\/wp-content\/uploads\/2023\/10\/Design-ohne-Titel-1-150x150.png 150w, https:\/\/oew.org\/wp-content\/uploads\/2023\/10\/Design-ohne-Titel-1-768x768.png 768w, https:\/\/oew.org\/wp-content\/uploads\/2023\/10\/Design-ohne-Titel-1.png 1024w\" sizes=\"(max-width: 300px) 100vw, 300px\" \/>\t\t\t\t\t\t\t\t\t\t\t\t\t\t\t<\/div>\n\t\t\t\t<div class=\"elementor-element elementor-element-aa25c3b elementor-widget elementor-widget-icon-box\" data-id=\"aa25c3b\" data-element_type=\"widget\" data-e-type=\"widget\" data-widget_type=\"icon-box.default\">\n\t\t\t\t\t\t\t<div class=\"elementor-icon-box-wrapper\">\n\n\t\t\t\n\t\t\t\t\t\t<div class=\"elementor-icon-box-content\">\n\n\t\t\t\t\t\t\t\t\t<h3 class=\"elementor-icon-box-title\">\n\t\t\t\t\t\t<span  >\n\t\t\t\t\t\t\tAgenda zebra.\t\t\t\t\t\t<\/span>\n\t\t\t\t\t<\/h3>\n\t\t\t\t\n\t\t\t\t\t\t\t\t\t<p class=\"elementor-icon-box-description\">\n\t\t\t\t\t\t16 mesi, 16 mandala, 16 lingue e tanti piccoli input sui temi della giustizia sociale: questi gli ingredienti dell\u2019agenda dell'OEW. Il diario \u00e8 stato illustrato a mano da studenti*esse di scuole locali, che si sono ispirati*e al quesito di come poter ottenere di una buona vita per tutti*e.  \n\t\t\t\t\t<\/p>\n\t\t\t\t\n\t\t\t<\/div>\n\t\t\t\n\t\t<\/div>\n\t\t\t\t\t\t<\/div>\n\t\t<div class=\"elementor-element elementor-element-40cbd17 e-con-full e-flex e-con e-child\" data-id=\"40cbd17\" data-element_type=\"container\" data-e-type=\"container\">\n\t\t\t\t<div class=\"elementor-element elementor-element-f8ddcce elementor-widget elementor-widget-image\" data-id=\"f8ddcce\" data-element_type=\"widget\" data-e-type=\"widget\" data-widget_type=\"image.default\">\n\t\t\t\t\t\t\t\t\t\t\t\t\t\t\t<img decoding=\"async\" width=\"300\" height=\"300\" src=\"https:\/\/oew.org\/wp-content\/uploads\/2023\/10\/3-300x300.png\" class=\"attachment-medium size-medium wp-image-10950\" alt=\"\" srcset=\"https:\/\/oew.org\/wp-content\/uploads\/2023\/10\/3-300x300.png 300w, https:\/\/oew.org\/wp-content\/uploads\/2023\/10\/3-150x150.png 150w, https:\/\/oew.org\/wp-content\/uploads\/2023\/10\/3-768x768.png 768w, https:\/\/oew.org\/wp-content\/uploads\/2023\/10\/3.png 1024w\" sizes=\"(max-width: 300px) 100vw, 300px\" \/>\t\t\t\t\t\t\t\t\t\t\t\t\t\t\t<\/div>\n\t\t\t\t<div class=\"elementor-element elementor-element-f9cc6c0 elementor-widget elementor-widget-icon-box\" data-id=\"f9cc6c0\" data-element_type=\"widget\" data-e-type=\"widget\" data-widget_type=\"icon-box.default\">\n\t\t\t\t\t\t\t<div class=\"elementor-icon-box-wrapper\">\n\n\t\t\t\n\t\t\t\t\t\t<div class=\"elementor-icon-box-content\">\n\n\t\t\t\t\t\t\t\t\t<h3 class=\"elementor-icon-box-title\">\n\t\t\t\t\t\t<span  >\n\t\t\t\t\t\t\tVino \"Centopassi\"\t\t\t\t\t\t<\/span>\n\t\t\t\t\t<\/h3>\n\t\t\t\t\n\t\t\t\t\t\t\t\t\t<p class=\"elementor-icon-box-description\">\n\t\t\t\t\t\tIl vino biologico \"centopassi\" \u00e8 un prodotto della cooperativa sociale \"Libera Terra\", la quale si dedica al recupero sociale e produttivo delle terre confiscate alla mafia in Sicilia. L'obiettivo del progetto \u00e8 quello di ottenere prodotti di alta qualit\u00e0 con metodi che rispettino l'ambiente e la dignit\u00e0 umana.\t\t\t\t\t<\/p>\n\t\t\t\t\n\t\t\t<\/div>\n\t\t\t\n\t\t<\/div>\n\t\t\t\t\t\t<\/div>\n\t\t\t\t<\/div>\n\t\t\t\t<\/div>\n\t\t<div class=\"elementor-element elementor-element-cccd102 e-con-full e-flex e-con e-child\" data-id=\"cccd102\" data-element_type=\"container\" data-e-type=\"container\">\n\t\t\t\t<div class=\"elementor-element elementor-element-24123d3 elementor-widget elementor-widget-image\" data-id=\"24123d3\" data-element_type=\"widget\" data-e-type=\"widget\" data-widget_type=\"image.default\">\n\t\t\t\t\t\t\t\t\t\t\t\t\t\t\t<img loading=\"lazy\" decoding=\"async\" width=\"300\" height=\"300\" src=\"https:\/\/oew.org\/wp-content\/uploads\/2023\/10\/Design-ohne-Titel-300x300.png\" class=\"attachment-medium size-medium wp-image-10945\" alt=\"\" srcset=\"https:\/\/oew.org\/wp-content\/uploads\/2023\/10\/Design-ohne-Titel-300x300.png 300w, https:\/\/oew.org\/wp-content\/uploads\/2023\/10\/Design-ohne-Titel-150x150.png 150w, https:\/\/oew.org\/wp-content\/uploads\/2023\/10\/Design-ohne-Titel-768x768.png 768w, https:\/\/oew.org\/wp-content\/uploads\/2023\/10\/Design-ohne-Titel.png 1024w\" sizes=\"(max-width: 300px) 100vw, 300px\" \/>\t\t\t\t\t\t\t\t\t\t\t\t\t\t\t<\/div>\n\t\t\t\t<div class=\"elementor-element elementor-element-4bf5a77 elementor-widget elementor-widget-icon-box\" data-id=\"4bf5a77\" data-element_type=\"widget\" data-e-type=\"widget\" data-widget_type=\"icon-box.default\">\n\t\t\t\t\t\t\t<div class=\"elementor-icon-box-wrapper\">\n\n\t\t\t\n\t\t\t\t\t\t<div class=\"elementor-icon-box-content\">\n\n\t\t\t\t\t\t\t\t\t<h3 class=\"elementor-icon-box-title\">\n\t\t\t\t\t\t<span  >\n\t\t\t\t\t\t\tCioccolato \"fairafric\"\t\t\t\t\t\t<\/span>\n\t\t\t\t\t<\/h3>\n\t\t\t\t\n\t\t\t\t\t\t\t\t\t<p class=\"elementor-icon-box-description\">\n\t\t\t\t\t\t\"fairafric\" \u00e8 un marchio di cioccolato biologico equo e solidale prodotto interamente in Ghana. Con ogni tavoletta acquistata viene incentivata una maggiore prosperit\u00e0 per le persone a monte della catena produttiva, oltre a un vero e proprio cambiamento sistemico per una pi\u00f9 equa remunerazione dei*lle produttori*trici.\t\t\t\t\t<\/p>\n\t\t\t\t\n\t\t\t<\/div>\n\t\t\t\n\t\t<\/div>\n\t\t\t\t\t\t<\/div>\n\t\t<div class=\"elementor-element elementor-element-8a90fa7 e-con-full e-flex e-con e-child\" data-id=\"8a90fa7\" data-element_type=\"container\" data-e-type=\"container\">\n\t\t\t\t<div class=\"elementor-element elementor-element-e00a9a4 elementor-widget elementor-widget-image\" data-id=\"e00a9a4\" data-element_type=\"widget\" data-e-type=\"widget\" data-widget_type=\"image.default\">\n\t\t\t\t\t\t\t\t\t\t\t\t\t\t\t<img loading=\"lazy\" decoding=\"async\" width=\"300\" height=\"300\" src=\"https:\/\/oew.org\/wp-content\/uploads\/2023\/10\/4-300x300.png\" class=\"attachment-medium size-medium wp-image-10952\" alt=\"\" srcset=\"https:\/\/oew.org\/wp-content\/uploads\/2023\/10\/4-300x300.png 300w, https:\/\/oew.org\/wp-content\/uploads\/2023\/10\/4-150x150.png 150w, https:\/\/oew.org\/wp-content\/uploads\/2023\/10\/4-768x768.png 768w, https:\/\/oew.org\/wp-content\/uploads\/2023\/10\/4.png 1024w\" sizes=\"(max-width: 300px) 100vw, 300px\" \/>\t\t\t\t\t\t\t\t\t\t\t\t\t\t\t<\/div>\n\t\t\t\t<div class=\"elementor-element elementor-element-5a7dcf2 elementor-widget elementor-widget-icon-box\" data-id=\"5a7dcf2\" data-element_type=\"widget\" data-e-type=\"widget\" data-widget_type=\"icon-box.default\">\n\t\t\t\t\t\t\t<div class=\"elementor-icon-box-wrapper\">\n\n\t\t\t\n\t\t\t\t\t\t<div class=\"elementor-icon-box-content\">\n\n\t\t\t\t\t\t\t\t\t<h3 class=\"elementor-icon-box-title\">\n\t\t\t\t\t\t<span  >\n\t\t\t\t\t\t\tSucco mela-mango \"EVA Bio &amp; Weltladen Latsch\" \t\t\t\t\t\t<\/span>\n\t\t\t\t\t<\/h3>\n\t\t\t\t\n\t\t\t\t\t\t\t\t\t<p class=\"elementor-icon-box-description\">\n\t\t\t\t\t\tIl succo mela e mango \"Malaya\" combina le mele biologiche di Laces in Val Venosta con i manghi biologici ed equosolidali delle Filippine. In una collaborazione tra la Bottega del Mondo di Laces e il marchio EVA Bio, viene sostenuta l'organizzazione per i diritti dei*lle bambini*e \"Preda\" nelle Filippine. \t\t\t\t\t<\/p>\n\t\t\t\t\n\t\t\t<\/div>\n\t\t\t\n\t\t<\/div>\n\t\t\t\t\t\t<\/div>\n\t\t\t\t<\/div>\n\t\t\t\t<\/div>\n\t\t<div class=\"elementor-element elementor-element-2b76a76 e-con-full e-flex e-con e-child\" data-id=\"2b76a76\" data-element_type=\"container\" data-e-type=\"container\">\n\t\t\t\t<div class=\"elementor-element elementor-element-fd38daf elementor-widget elementor-widget-image\" data-id=\"fd38daf\" data-element_type=\"widget\" data-e-type=\"widget\" data-widget_type=\"image.default\">\n\t\t\t\t\t\t\t\t\t\t\t\t\t\t\t<img loading=\"lazy\" decoding=\"async\" width=\"300\" height=\"300\" src=\"https:\/\/oew.org\/wp-content\/uploads\/2023\/10\/1-300x300.png\" class=\"attachment-medium size-medium wp-image-10948\" alt=\"\" srcset=\"https:\/\/oew.org\/wp-content\/uploads\/2023\/10\/1-300x300.png 300w, https:\/\/oew.org\/wp-content\/uploads\/2023\/10\/1-150x150.png 150w, https:\/\/oew.org\/wp-content\/uploads\/2023\/10\/1-768x768.png 768w, https:\/\/oew.org\/wp-content\/uploads\/2023\/10\/1.png 1024w\" sizes=\"(max-width: 300px) 100vw, 300px\" \/>\t\t\t\t\t\t\t\t\t\t\t\t\t\t\t<\/div>\n\t\t\t\t<div class=\"elementor-element elementor-element-1514b04 elementor-widget elementor-widget-icon-box\" data-id=\"1514b04\" data-element_type=\"widget\" data-e-type=\"widget\" data-widget_type=\"icon-box.default\">\n\t\t\t\t\t\t\t<div class=\"elementor-icon-box-wrapper\">\n\n\t\t\t\n\t\t\t\t\t\t<div class=\"elementor-icon-box-content\">\n\n\t\t\t\t\t\t\t\t\t<h3 class=\"elementor-icon-box-title\">\n\t\t\t\t\t\t<span  >\n\t\t\t\t\t\t\tCaff\u00e8 \"Altromercato\"\t\t\t\t\t\t<\/span>\n\t\t\t\t\t<\/h3>\n\t\t\t\t\n\t\t\t\t\t\t\t\t\t<p class=\"elementor-icon-box-description\">\n\t\t\t\t\t\tIl caff\u00e8 biologico ed equosolidale \"Altromercato\" garantisce un salario equo ai*lle produttori*trici all'inizio della catena di produzione e, allo stesso tempo, un'ottima qualit\u00e0 ai consumatori.<br><br><br>\t\t\t\t\t<\/p>\n\t\t\t\t\n\t\t\t<\/div>\n\t\t\t\n\t\t<\/div>\n\t\t\t\t\t\t<\/div>\n\t\t<div class=\"elementor-element elementor-element-71ff047 e-con-full e-flex e-con e-child\" data-id=\"71ff047\" data-element_type=\"container\" data-e-type=\"container\">\n\t\t\t\t<div class=\"elementor-element elementor-element-2ac7411 elementor-widget elementor-widget-image\" data-id=\"2ac7411\" data-element_type=\"widget\" data-e-type=\"widget\" data-widget_type=\"image.default\">\n\t\t\t\t\t\t\t\t\t\t\t\t\t\t\t<img loading=\"lazy\" decoding=\"async\" width=\"300\" height=\"300\" src=\"https:\/\/oew.org\/wp-content\/uploads\/2023\/10\/Danke-fuer-deine-Spende-1-300x300.png\" class=\"attachment-medium size-medium wp-image-10962\" alt=\"\" srcset=\"https:\/\/oew.org\/wp-content\/uploads\/2023\/10\/Danke-fuer-deine-Spende-1-300x300.png 300w, https:\/\/oew.org\/wp-content\/uploads\/2023\/10\/Danke-fuer-deine-Spende-1-150x150.png 150w, https:\/\/oew.org\/wp-content\/uploads\/2023\/10\/Danke-fuer-deine-Spende-1-768x768.png 768w, https:\/\/oew.org\/wp-content\/uploads\/2023\/10\/Danke-fuer-deine-Spende-1.png 1024w\" sizes=\"(max-width: 300px) 100vw, 300px\" \/>\t\t\t\t\t\t\t\t\t\t\t\t\t\t\t<\/div>\n\t\t\t\t<div class=\"elementor-element elementor-element-f50d14d elementor-widget elementor-widget-icon-box\" data-id=\"f50d14d\" data-element_type=\"widget\" data-e-type=\"widget\" data-widget_type=\"icon-box.default\">\n\t\t\t\t\t\t\t<div class=\"elementor-icon-box-wrapper\">\n\n\t\t\t\n\t\t\t\t\t\t<div class=\"elementor-icon-box-content\">\n\n\t\t\t\t\t\t\t\t\t<h3 class=\"elementor-icon-box-title\">\n\t\t\t\t\t\t<span  >\n\t\t\t\t\t\t\tDonazione a \"Acci\u00f3n Ecol\u00f3gica\" \t\t\t\t\t\t<\/span>\n\t\t\t\t\t<\/h3>\n\t\t\t\t\n\t\t\t\t\t\t\t\t\t<p class=\"elementor-icon-box-description\">\n\t\t\t\t\t\tOgni pacchetto comprende una donazione simbolica di 5 euro per \"Acci\u00f3n Ecol\u00f3gica\", organizzazione partner dell'OEW e una delle pi\u00f9 importanti organizzazioni ambientaliste dell'Ecuador. \t\t\t\t\t<\/p>\n\t\t\t\t\n\t\t\t<\/div>\n\t\t\t\n\t\t<\/div>\n\t\t\t\t\t\t<\/div>\n\t\t\t\t<\/div>\n\t\t\t\t<\/div>\n\t\t\t\t\t<\/div>\n\t\t\t\t<\/div>\n\t\t\t\t\t<\/div>\n\t\t\t\t<\/div>\n\t\t\t\t<section class=\"elementor-section elementor-top-section elementor-element elementor-element-2635c38 elementor-section-boxed elementor-section-height-default elementor-section-height-default\" data-id=\"2635c38\" data-element_type=\"section\" data-e-type=\"section\" data-settings=\"{&quot;background_background&quot;:&quot;classic&quot;}\">\n\t\t\t\t\t\t<div class=\"elementor-container elementor-column-gap-default\">\n\t\t\t\t\t<div class=\"elementor-column elementor-col-100 elementor-top-column elementor-element elementor-element-71eb0cc\" data-id=\"71eb0cc\" data-element_type=\"column\" data-e-type=\"column\">\n\t\t\t<div class=\"elementor-widget-wrap elementor-element-populated\">\n\t\t\t\t\t\t<div class=\"elementor-element elementor-element-8cae5c0 elementor-widget elementor-widget-menu-anchor\" data-id=\"8cae5c0\" data-element_type=\"widget\" data-e-type=\"widget\" data-widget_type=\"menu-anchor.default\">\n\t\t\t\t\t\t\t<div class=\"elementor-menu-anchor\" id=\"challanges\"><\/div>\n\t\t\t\t\t\t<\/div>\n\t\t\t\t<div class=\"elementor-element elementor-element-7f539d9 elementor-widget elementor-widget-heading\" data-id=\"7f539d9\" data-element_type=\"widget\" data-e-type=\"widget\" data-widget_type=\"heading.default\">\n\t\t\t\t\t<h2 class=\"elementor-heading-title elementor-size-default\">Con ognuno dei tre pacchetti vengono sostenuti tre diversi progetti sociali in cui si manifestano i nostri valori.<\/h2>\t\t\t\t<\/div>\n\t\t\t\t<div class=\"elementor-element elementor-element-f4e7473 elementor-widget elementor-widget-text-editor\" data-id=\"f4e7473\" data-element_type=\"widget\" data-e-type=\"widget\" data-widget_type=\"text-editor.default\">\n\t\t\t\t\t\t\t\t\t<p>Con l&#8217;acquisto dei nostri pacchetti natalizi solidali non solo si ottengono prodotti selezionati di alta qualit\u00e0, ma si vanno anche a sostenere tre progetti sociali, a livello sia locale che globale. <\/p>\t\t\t\t\t\t\t\t<\/div>\n\t\t\t\t\t<\/div>\n\t\t<\/div>\n\t\t\t\t\t<\/div>\n\t\t<\/section>\n\t\t<div class=\"elementor-element elementor-element-0aa221a e-flex e-con-boxed e-con e-parent\" data-id=\"0aa221a\" data-element_type=\"container\" data-e-type=\"container\">\n\t\t\t\t\t<div class=\"e-con-inner\">\n\t\t<div class=\"elementor-element elementor-element-a48ba43 e-con-full e-flex e-con e-child\" data-id=\"a48ba43\" data-element_type=\"container\" data-e-type=\"container\">\n\t\t\t\t<div class=\"elementor-element elementor-element-d6b9f11 elementor-widget elementor-widget-heading\" data-id=\"d6b9f11\" data-element_type=\"widget\" data-e-type=\"widget\" data-widget_type=\"heading.default\">\n\t\t\t\t\t<h2 class=\"elementor-heading-title elementor-size-default\">Giornale di strada zebra.<\/h2>\t\t\t\t<\/div>\n\t\t\t\t<div class=\"elementor-element elementor-element-70f4a59 elementor-flip-box--effect-flip elementor-flip-box--direction-up elementor-widget elementor-widget-flip-box\" data-id=\"70f4a59\" data-element_type=\"widget\" data-e-type=\"widget\" data-widget_type=\"flip-box.default\">\n\t\t\t\t\t\t\t<div class=\"elementor-flip-box\" tabindex=\"0\">\n\t\t\t<div class=\"elementor-flip-box__layer elementor-flip-box__front\">\n\t\t\t\t<div class=\"elementor-flip-box__layer__overlay\">\n\t\t\t\t\t<div class=\"elementor-flip-box__layer__inner\">\n\t\t\t\t\t\t\n\t\t\t\t\t\t\n\t\t\t\t\t\t\t\t\t\t\t<\/div>\n\t\t\t\t<\/div>\n\t\t\t<\/div>\n\t\t\t<div class=\"elementor-flip-box__layer elementor-flip-box__back\">\n\t\t\t<div class=\"elementor-flip-box__layer__overlay\">\n\t\t\t\t<div class=\"elementor-flip-box__layer__inner\">\n\t\t\t\t\t\n\t\t\t\t\t\t\t\t\t\t\t<div class=\"elementor-flip-box__layer__description\">\n\t\t\t\t\t\t\t\nzebra. \u00e8 un giornale e progetto sociale che sostiene circa 60 persone con una situazione lavorativa e\/o abitativa precaria in Alto Adige.\t\t\t\t\t\t<\/div>\n\t\t\t\t\t\n\t\t\t\t\t\t\t\t\t\t\t<a class=\"elementor-flip-box__button elementor-button elementor-size-sm\" href=\"https:\/\/oew.org\/it\/zebra\/\" target=\"_blank\">\n\t\t\t\t\t\t\tPi\u00f9 info\t\t\t\t\t\t<\/a>\n\t\t\t\t\t\t\t\t<\/div>\n\t\t<\/div>\n\t\t<\/div>\n\t\t<\/div>\n\t\t\t\t\t\t<\/div>\n\t\t\t\t<\/div>\n\t\t<div class=\"elementor-element elementor-element-6ab5600 e-con-full e-flex e-con e-child\" data-id=\"6ab5600\" data-element_type=\"container\" data-e-type=\"container\">\n\t\t\t\t<div class=\"elementor-element elementor-element-74bbd19 elementor-widget elementor-widget-heading\" data-id=\"74bbd19\" data-element_type=\"widget\" data-e-type=\"widget\" data-widget_type=\"heading.default\">\n\t\t\t\t\t<h2 class=\"elementor-heading-title elementor-size-default\">Bottega del Mondo Schlern<\/h2>\t\t\t\t<\/div>\n\t\t\t\t<div class=\"elementor-element elementor-element-ed018d5 elementor-flip-box--effect-flip elementor-flip-box--direction-up elementor-widget elementor-widget-flip-box\" data-id=\"ed018d5\" data-element_type=\"widget\" data-e-type=\"widget\" data-widget_type=\"flip-box.default\">\n\t\t\t\t\t\t\t<div class=\"elementor-flip-box\" tabindex=\"0\">\n\t\t\t<div class=\"elementor-flip-box__layer elementor-flip-box__front\">\n\t\t\t\t<div class=\"elementor-flip-box__layer__overlay\">\n\t\t\t\t\t<div class=\"elementor-flip-box__layer__inner\">\n\t\t\t\t\t\t\n\t\t\t\t\t\t\n\t\t\t\t\t\t\t\t\t\t\t<\/div>\n\t\t\t\t<\/div>\n\t\t\t<\/div>\n\t\t\t<div class=\"elementor-flip-box__layer elementor-flip-box__back\">\n\t\t\t<div class=\"elementor-flip-box__layer__overlay\">\n\t\t\t\t<div class=\"elementor-flip-box__layer__inner\">\n\t\t\t\t\t\n\t\t\t\t\t\t\t\t\t\t\t<div class=\"elementor-flip-box__layer__description\">\n\t\t\t\t\t\t\t\nPiccola cooperativa sociale che si impegna per un commercio equo e solidale, a livello locale e globale.\t\t\t\t\t\t<\/div>\n\t\t\t\t\t\n\t\t\t\t\t\t\t\t\t\t\t<a class=\"elementor-flip-box__button elementor-button elementor-size-sm\" href=\"https:\/\/www.weltladen.bz.it\/it\/weltladen-kastelruth\/\" target=\"_blank\">\n\t\t\t\t\t\t\tPi\u00f9 info\t\t\t\t\t\t<\/a>\n\t\t\t\t\t\t\t\t<\/div>\n\t\t<\/div>\n\t\t<\/div>\n\t\t<\/div>\n\t\t\t\t\t\t<\/div>\n\t\t\t\t<\/div>\n\t\t<div class=\"elementor-element elementor-element-8ac776e e-con-full e-flex e-con e-child\" data-id=\"8ac776e\" data-element_type=\"container\" data-e-type=\"container\">\n\t\t\t\t<div class=\"elementor-element elementor-element-f615e7f elementor-widget elementor-widget-heading\" data-id=\"f615e7f\" data-element_type=\"widget\" data-e-type=\"widget\" data-widget_type=\"heading.default\">\n\t\t\t\t\t<h2 class=\"elementor-heading-title elementor-size-default\">Acci\u00f3n Ecol\u00f3gica<\/h2>\t\t\t\t<\/div>\n\t\t\t\t<div class=\"elementor-element elementor-element-ef34c97 elementor-flip-box--effect-flip elementor-flip-box--direction-up elementor-widget elementor-widget-flip-box\" data-id=\"ef34c97\" data-element_type=\"widget\" data-e-type=\"widget\" data-widget_type=\"flip-box.default\">\n\t\t\t\t\t\t\t<div class=\"elementor-flip-box\" tabindex=\"0\">\n\t\t\t<div class=\"elementor-flip-box__layer elementor-flip-box__front\">\n\t\t\t\t<div class=\"elementor-flip-box__layer__overlay\">\n\t\t\t\t\t<div class=\"elementor-flip-box__layer__inner\">\n\t\t\t\t\t\t\n\t\t\t\t\t\t\n\t\t\t\t\t\t\t\t\t\t\t<\/div>\n\t\t\t\t<\/div>\n\t\t\t<\/div>\n\t\t\t<div class=\"elementor-flip-box__layer elementor-flip-box__back\">\n\t\t\t<div class=\"elementor-flip-box__layer__overlay\">\n\t\t\t\t<div class=\"elementor-flip-box__layer__inner\">\n\t\t\t\t\t\n\t\t\t\t\t\t\t\t\t\t\t<div class=\"elementor-flip-box__layer__description\">\n\t\t\t\t\t\t\t\nOrganizzazione partner dell\u2019OEW in Ecuador, la quale si impegna per la salvaguardia della foresta amazzonica, del clima e dei diritti umani.\n\t\t\t\t\t\t<\/div>\n\t\t\t\t\t\n\t\t\t\t\t\t\t\t\t\t\t<a class=\"elementor-flip-box__button elementor-button elementor-size-sm\" href=\"https:\/\/oew.org\/it\/partnerprojekte-im-ausland\/ecuador-accion-ecologica\/\" target=\"_blank\">\n\t\t\t\t\t\t\tMehr dazu\t\t\t\t\t\t<\/a>\n\t\t\t\t\t\t\t\t<\/div>\n\t\t<\/div>\n\t\t<\/div>\n\t\t<\/div>\n\t\t\t\t\t\t<\/div>\n\t\t\t\t<\/div>\n\t\t\t\t\t<\/div>\n\t\t\t\t<\/div>\n\t\t\t\t<section class=\"elementor-section elementor-top-section elementor-element elementor-element-86ff3ea elementor-section-boxed elementor-section-height-default elementor-section-height-default\" data-id=\"86ff3ea\" data-element_type=\"section\" data-e-type=\"section\" data-settings=\"{&quot;background_background&quot;:&quot;classic&quot;}\">\n\t\t\t\t\t\t<div class=\"elementor-container elementor-column-gap-default\">\n\t\t\t\t\t<div class=\"elementor-column elementor-col-50 elementor-top-column elementor-element elementor-element-e16b0b8\" data-id=\"e16b0b8\" data-element_type=\"column\" data-e-type=\"column\">\n\t\t\t<div class=\"elementor-widget-wrap elementor-element-populated\">\n\t\t\t\t\t\t<div class=\"elementor-element elementor-element-47ea32d elementor-widget elementor-widget-image\" data-id=\"47ea32d\" data-element_type=\"widget\" data-e-type=\"widget\" data-widget_type=\"image.default\">\n\t\t\t\t\t\t\t\t\t\t\t\t\t\t\t<img loading=\"lazy\" decoding=\"async\" width=\"300\" height=\"300\" src=\"https:\/\/oew.org\/wp-content\/uploads\/2022\/12\/Teamfotos_Web_Samia_small-300x300.jpg\" class=\"attachment-medium size-medium wp-image-7655\" alt=\"\" srcset=\"https:\/\/oew.org\/wp-content\/uploads\/2022\/12\/Teamfotos_Web_Samia_small-300x300.jpg 300w, https:\/\/oew.org\/wp-content\/uploads\/2022\/12\/Teamfotos_Web_Samia_small-150x150.jpg 150w, https:\/\/oew.org\/wp-content\/uploads\/2022\/12\/Teamfotos_Web_Samia_small-768x768.jpg 768w, https:\/\/oew.org\/wp-content\/uploads\/2022\/12\/Teamfotos_Web_Samia_small.jpg 1000w\" sizes=\"(max-width: 300px) 100vw, 300px\" \/>\t\t\t\t\t\t\t\t\t\t\t\t\t\t\t<\/div>\n\t\t\t\t\t<\/div>\n\t\t<\/div>\n\t\t\t\t<div class=\"elementor-column elementor-col-50 elementor-top-column elementor-element elementor-element-145c4bc\" data-id=\"145c4bc\" data-element_type=\"column\" data-e-type=\"column\">\n\t\t\t<div class=\"elementor-widget-wrap elementor-element-populated\">\n\t\t\t\t\t\t<div class=\"elementor-element elementor-element-37725bc elementor-widget__width-inherit elementor-widget elementor-widget-heading\" data-id=\"37725bc\" data-element_type=\"widget\" data-e-type=\"widget\" data-widget_type=\"heading.default\">\n\t\t\t\t\t<h4 class=\"elementor-heading-title elementor-size-default\">CONTATTO<\/h4>\t\t\t\t<\/div>\n\t\t\t\t<div class=\"elementor-element elementor-element-4ab7d01 elementor-widget__width-inherit elementor-widget elementor-widget-text-editor\" data-id=\"4ab7d01\" data-element_type=\"widget\" data-e-type=\"widget\" data-widget_type=\"text-editor.default\">\n\t\t\t\t\t\t\t\t\t<p><br \/><strong>Samia Kaffouf<\/strong> <br \/>samia.kaffouf@oew.org <br \/>0472 208 203 <\/p>\t\t\t\t\t\t\t\t<\/div>\n\t\t\t\t\t<\/div>\n\t\t<\/div>\n\t\t\t\t\t<\/div>\n\t\t<\/section>\n\t\t\t\t<section class=\"elementor-section elementor-top-section elementor-element elementor-element-e4897a8 elementor-section-boxed elementor-section-height-default elementor-section-height-default\" data-id=\"e4897a8\" data-element_type=\"section\" data-e-type=\"section\" data-settings=\"{&quot;background_background&quot;:&quot;classic&quot;}\">\n\t\t\t\t\t\t<div class=\"elementor-container elementor-column-gap-default\">\n\t\t\t\t\t<div class=\"elementor-column elementor-col-100 elementor-top-column elementor-element elementor-element-be4c2b8\" data-id=\"be4c2b8\" data-element_type=\"column\" data-e-type=\"column\">\n\t\t\t<div class=\"elementor-widget-wrap elementor-element-populated\">\n\t\t\t\t\t\t<div class=\"elementor-element elementor-element-943510f elementor-widget elementor-widget-heading\" data-id=\"943510f\" data-element_type=\"widget\" data-e-type=\"widget\" data-widget_type=\"heading.default\">\n\t\t\t\t\t<h2 class=\"elementor-heading-title elementor-size-default\">Insieme plasmiamo il mondo in cui viviamo.<\/h2>\t\t\t\t<\/div>\n\t\t\t\t<div class=\"elementor-element elementor-element-7e16316 elementor-widget elementor-widget-heading\" data-id=\"7e16316\" data-element_type=\"widget\" data-e-type=\"widget\" data-widget_type=\"heading.default\">\n\t\t\t\t\t<h2 class=\"elementor-heading-title elementor-size-default\">Scopri qui gli ulteriori modi in cui puoi sostenere l'OEW.<\/h2>\t\t\t\t<\/div>\n\t\t\t\t<div class=\"elementor-element elementor-element-7385396 elementor-align-center elementor-widget elementor-widget-button\" data-id=\"7385396\" data-element_type=\"widget\" data-e-type=\"widget\" data-widget_type=\"button.default\">\n\t\t\t\t\t\t\t\t\t\t<a class=\"elementor-button elementor-button-link elementor-size-sm\" href=\"https:\/\/oew.org\/it\/supporto\/\" target=\"_blank\">\n\t\t\t\t\t\t<span class=\"elementor-button-content-wrapper\">\n\t\t\t\t\t\t\t\t\t<span class=\"elementor-button-text\">PI\u00f9 INFO<\/span>\n\t\t\t\t\t<\/span>\n\t\t\t\t\t<\/a>\n\t\t\t\t\t\t\t\t<\/div>\n\t\t\t\t\t<\/div>\n\t\t<\/div>\n\t\t\t\t\t<\/div>\n\t\t<\/section>\n\t\t<div class=\"elementor-element elementor-element-1104571 e-flex e-con-boxed e-con e-parent\" data-id=\"1104571\" data-element_type=\"container\" data-e-type=\"container\">\n\t\t\t\t\t<div class=\"e-con-inner\">\n\t\t\t\t\t<\/div>\n\t\t\t\t<\/div>\n\t\t\t\t<\/div>\n\t\t","protected":false},"excerpt":{"rendered":"<p>Regali di natale per collaboratori*trici Anche un regalo pu\u00f2 rendere il mondo un posto migliore. La fine dell&#8217;anno \u00e8 alle porte e quale miglior modo di dire GRAZIE al team della vostra azienda, associazione o cooperativa se non con un regalo speciale? Quest&#8217;anno l&#8217;OEW offre la possibilit\u00e0 di acquistare dei pacchetti natalizi aziendali solidali, con [&hellip;]<\/p>\n","protected":false},"author":2,"featured_media":10864,"parent":0,"menu_order":0,"comment_status":"closed","ping_status":"closed","template":"","meta":{"_acf_changed":false,"footnotes":"","_links_to":"","_links_to_target":""},"class_list":["post-11061","page","type-page","status-publish","has-post-thumbnail","hentry"],"acf":[],"yoast_head":"<!-- This site is optimized with the Yoast SEO plugin v27.4 - https:\/\/yoast.com\/product\/yoast-seo-wordpress\/ -->\n<title>Pacchetti natalizi - OEW<\/title>\n<meta name=\"robots\" content=\"index, follow, max-snippet:-1, max-image-preview:large, max-video-preview:-1\" \/>\n<link rel=\"canonical\" href=\"https:\/\/oew.org\/it\/pacchetti-natalizi\/\" \/>\n<meta property=\"og:locale\" content=\"it_IT\" \/>\n<meta property=\"og:type\" content=\"article\" \/>\n<meta property=\"og:title\" content=\"Pacchetti natalizi - OEW\" \/>\n<meta property=\"og:description\" content=\"Regali di natale per collaboratori*trici Anche un regalo pu\u00f2 rendere il mondo un posto migliore. La fine dell&#8217;anno \u00e8 alle porte e quale miglior modo di dire GRAZIE al team della vostra azienda, associazione o cooperativa se non con un regalo speciale? Quest&#8217;anno l&#8217;OEW offre la possibilit\u00e0 di acquistare dei pacchetti natalizi aziendali solidali, con [&hellip;]\" \/>\n<meta property=\"og:url\" content=\"https:\/\/oew.org\/it\/pacchetti-natalizi\/\" \/>\n<meta property=\"og:site_name\" content=\"OEW\" \/>\n<meta property=\"article:modified_time\" content=\"2023-10-17T07:31:13+00:00\" \/>\n<meta property=\"og:image\" content=\"https:\/\/oew.org\/wp-content\/uploads\/2023\/10\/DSC_6050-Kopie.jpg\" \/>\n\t<meta property=\"og:image:width\" content=\"2000\" \/>\n\t<meta property=\"og:image:height\" content=\"835\" \/>\n\t<meta property=\"og:image:type\" content=\"image\/jpeg\" \/>\n<meta name=\"twitter:card\" content=\"summary_large_image\" \/>\n<meta name=\"twitter:label1\" content=\"Tempo di lettura stimato\" \/>\n\t<meta name=\"twitter:data1\" content=\"6 minuti\" \/>\n<script type=\"application\/ld+json\" class=\"yoast-schema-graph\">{\"@context\":\"https:\\\/\\\/schema.org\",\"@graph\":[{\"@type\":\"WebPage\",\"@id\":\"https:\\\/\\\/oew.org\\\/it\\\/pacchetti-natalizi\\\/\",\"url\":\"https:\\\/\\\/oew.org\\\/it\\\/pacchetti-natalizi\\\/\",\"name\":\"Pacchetti natalizi - OEW\",\"isPartOf\":{\"@id\":\"https:\\\/\\\/oew.org\\\/it\\\/#website\"},\"primaryImageOfPage\":{\"@id\":\"https:\\\/\\\/oew.org\\\/it\\\/pacchetti-natalizi\\\/#primaryimage\"},\"image\":{\"@id\":\"https:\\\/\\\/oew.org\\\/it\\\/pacchetti-natalizi\\\/#primaryimage\"},\"thumbnailUrl\":\"https:\\\/\\\/oew.org\\\/wp-content\\\/uploads\\\/2023\\\/10\\\/DSC_6050-Kopie.jpg\",\"datePublished\":\"2023-10-12T10:13:11+00:00\",\"dateModified\":\"2023-10-17T07:31:13+00:00\",\"breadcrumb\":{\"@id\":\"https:\\\/\\\/oew.org\\\/it\\\/pacchetti-natalizi\\\/#breadcrumb\"},\"inLanguage\":\"it-IT\",\"potentialAction\":[{\"@type\":\"ReadAction\",\"target\":[\"https:\\\/\\\/oew.org\\\/it\\\/pacchetti-natalizi\\\/\"]}]},{\"@type\":\"ImageObject\",\"inLanguage\":\"it-IT\",\"@id\":\"https:\\\/\\\/oew.org\\\/it\\\/pacchetti-natalizi\\\/#primaryimage\",\"url\":\"https:\\\/\\\/oew.org\\\/wp-content\\\/uploads\\\/2023\\\/10\\\/DSC_6050-Kopie.jpg\",\"contentUrl\":\"https:\\\/\\\/oew.org\\\/wp-content\\\/uploads\\\/2023\\\/10\\\/DSC_6050-Kopie.jpg\",\"width\":2000,\"height\":835},{\"@type\":\"BreadcrumbList\",\"@id\":\"https:\\\/\\\/oew.org\\\/it\\\/pacchetti-natalizi\\\/#breadcrumb\",\"itemListElement\":[{\"@type\":\"ListItem\",\"position\":1,\"name\":\"Home\",\"item\":\"https:\\\/\\\/oew.org\\\/it\\\/\"},{\"@type\":\"ListItem\",\"position\":2,\"name\":\"Pacchetti natalizi\"}]},{\"@type\":\"WebSite\",\"@id\":\"https:\\\/\\\/oew.org\\\/it\\\/#website\",\"url\":\"https:\\\/\\\/oew.org\\\/it\\\/\",\"name\":\"OEW\",\"description\":\"Organisation f\u00fcr Eine solidarische Welt\",\"publisher\":{\"@id\":\"https:\\\/\\\/oew.org\\\/it\\\/#organization\"},\"potentialAction\":[{\"@type\":\"SearchAction\",\"target\":{\"@type\":\"EntryPoint\",\"urlTemplate\":\"https:\\\/\\\/oew.org\\\/it\\\/?s={search_term_string}\"},\"query-input\":{\"@type\":\"PropertyValueSpecification\",\"valueRequired\":true,\"valueName\":\"search_term_string\"}}],\"inLanguage\":\"it-IT\"},{\"@type\":\"Organization\",\"@id\":\"https:\\\/\\\/oew.org\\\/it\\\/#organization\",\"name\":\"OEW\",\"url\":\"https:\\\/\\\/oew.org\\\/it\\\/\",\"logo\":{\"@type\":\"ImageObject\",\"inLanguage\":\"it-IT\",\"@id\":\"https:\\\/\\\/oew.org\\\/it\\\/#\\\/schema\\\/logo\\\/image\\\/\",\"url\":\"https:\\\/\\\/oew.org\\\/wp-content\\\/uploads\\\/2022\\\/07\\\/Logo-OEW-frei.jpg\",\"contentUrl\":\"https:\\\/\\\/oew.org\\\/wp-content\\\/uploads\\\/2022\\\/07\\\/Logo-OEW-frei.jpg\",\"width\":780,\"height\":248,\"caption\":\"OEW\"},\"image\":{\"@id\":\"https:\\\/\\\/oew.org\\\/it\\\/#\\\/schema\\\/logo\\\/image\\\/\"}}]}<\/script>\n<!-- \/ Yoast SEO plugin. -->","yoast_head_json":{"title":"Pacchetti natalizi - OEW","robots":{"index":"index","follow":"follow","max-snippet":"max-snippet:-1","max-image-preview":"max-image-preview:large","max-video-preview":"max-video-preview:-1"},"canonical":"https:\/\/oew.org\/it\/pacchetti-natalizi\/","og_locale":"it_IT","og_type":"article","og_title":"Pacchetti natalizi - OEW","og_description":"Regali di natale per collaboratori*trici Anche un regalo pu\u00f2 rendere il mondo un posto migliore. La fine dell&#8217;anno \u00e8 alle porte e quale miglior modo di dire GRAZIE al team della vostra azienda, associazione o cooperativa se non con un regalo speciale? Quest&#8217;anno l&#8217;OEW offre la possibilit\u00e0 di acquistare dei pacchetti natalizi aziendali solidali, con [&hellip;]","og_url":"https:\/\/oew.org\/it\/pacchetti-natalizi\/","og_site_name":"OEW","article_modified_time":"2023-10-17T07:31:13+00:00","og_image":[{"width":2000,"height":835,"url":"https:\/\/oew.org\/wp-content\/uploads\/2023\/10\/DSC_6050-Kopie.jpg","type":"image\/jpeg"}],"twitter_card":"summary_large_image","twitter_misc":{"Tempo di lettura stimato":"6 minuti"},"schema":{"@context":"https:\/\/schema.org","@graph":[{"@type":"WebPage","@id":"https:\/\/oew.org\/it\/pacchetti-natalizi\/","url":"https:\/\/oew.org\/it\/pacchetti-natalizi\/","name":"Pacchetti natalizi - OEW","isPartOf":{"@id":"https:\/\/oew.org\/it\/#website"},"primaryImageOfPage":{"@id":"https:\/\/oew.org\/it\/pacchetti-natalizi\/#primaryimage"},"image":{"@id":"https:\/\/oew.org\/it\/pacchetti-natalizi\/#primaryimage"},"thumbnailUrl":"https:\/\/oew.org\/wp-content\/uploads\/2023\/10\/DSC_6050-Kopie.jpg","datePublished":"2023-10-12T10:13:11+00:00","dateModified":"2023-10-17T07:31:13+00:00","breadcrumb":{"@id":"https:\/\/oew.org\/it\/pacchetti-natalizi\/#breadcrumb"},"inLanguage":"it-IT","potentialAction":[{"@type":"ReadAction","target":["https:\/\/oew.org\/it\/pacchetti-natalizi\/"]}]},{"@type":"ImageObject","inLanguage":"it-IT","@id":"https:\/\/oew.org\/it\/pacchetti-natalizi\/#primaryimage","url":"https:\/\/oew.org\/wp-content\/uploads\/2023\/10\/DSC_6050-Kopie.jpg","contentUrl":"https:\/\/oew.org\/wp-content\/uploads\/2023\/10\/DSC_6050-Kopie.jpg","width":2000,"height":835},{"@type":"BreadcrumbList","@id":"https:\/\/oew.org\/it\/pacchetti-natalizi\/#breadcrumb","itemListElement":[{"@type":"ListItem","position":1,"name":"Home","item":"https:\/\/oew.org\/it\/"},{"@type":"ListItem","position":2,"name":"Pacchetti natalizi"}]},{"@type":"WebSite","@id":"https:\/\/oew.org\/it\/#website","url":"https:\/\/oew.org\/it\/","name":"OEW","description":"Organisation f\u00fcr Eine solidarische Welt","publisher":{"@id":"https:\/\/oew.org\/it\/#organization"},"potentialAction":[{"@type":"SearchAction","target":{"@type":"EntryPoint","urlTemplate":"https:\/\/oew.org\/it\/?s={search_term_string}"},"query-input":{"@type":"PropertyValueSpecification","valueRequired":true,"valueName":"search_term_string"}}],"inLanguage":"it-IT"},{"@type":"Organization","@id":"https:\/\/oew.org\/it\/#organization","name":"OEW","url":"https:\/\/oew.org\/it\/","logo":{"@type":"ImageObject","inLanguage":"it-IT","@id":"https:\/\/oew.org\/it\/#\/schema\/logo\/image\/","url":"https:\/\/oew.org\/wp-content\/uploads\/2022\/07\/Logo-OEW-frei.jpg","contentUrl":"https:\/\/oew.org\/wp-content\/uploads\/2022\/07\/Logo-OEW-frei.jpg","width":780,"height":248,"caption":"OEW"},"image":{"@id":"https:\/\/oew.org\/it\/#\/schema\/logo\/image\/"}}]}},"_links":{"self":[{"href":"https:\/\/oew.org\/it\/wp-json\/wp\/v2\/pages\/11061","targetHints":{"allow":["GET"]}}],"collection":[{"href":"https:\/\/oew.org\/it\/wp-json\/wp\/v2\/pages"}],"about":[{"href":"https:\/\/oew.org\/it\/wp-json\/wp\/v2\/types\/page"}],"author":[{"embeddable":true,"href":"https:\/\/oew.org\/it\/wp-json\/wp\/v2\/users\/2"}],"replies":[{"embeddable":true,"href":"https:\/\/oew.org\/it\/wp-json\/wp\/v2\/comments?post=11061"}],"version-history":[{"count":44,"href":"https:\/\/oew.org\/it\/wp-json\/wp\/v2\/pages\/11061\/revisions"}],"predecessor-version":[{"id":11123,"href":"https:\/\/oew.org\/it\/wp-json\/wp\/v2\/pages\/11061\/revisions\/11123"}],"wp:featuredmedia":[{"embeddable":true,"href":"https:\/\/oew.org\/it\/wp-json\/wp\/v2\/media\/10864"}],"wp:attachment":[{"href":"https:\/\/oew.org\/it\/wp-json\/wp\/v2\/media?parent=11061"}],"curies":[{"name":"wp","href":"https:\/\/api.w.org\/{rel}","templated":true}]}}